{"version":"1.0","provider_name":"Blog Carturesti","provider_url":"https:\/\/blog.carturesti.ro","author_name":"C\u0103rture\u015fti","author_url":"https:\/\/blog.carturesti.ro\/author\/carturesti\/","title":"Bucure\u015ftiul \u00een alb \u015fi negru - Blog Carturesti","type":"rich","width":600,"height":338,"html":"<blockquote class=\"wp-embedded-content\"><a href=\"https:\/\/blog.carturesti.ro\/eveniment\/bucurestiul-in-alb-si-negru\/\">Bucure\u015ftiul \u00een alb \u015fi negru<\/a><\/blockquote>\n<script type='text\/javascript'>\n<!--\/\/--><![CDATA[\/\/><!--\n\t\t!function(d,l){\"use strict\";var e=!1,o=!1;if(l.querySelector)if(d.addEventListener)e=!0;if(d.wp=d.wp||{},!d.wp.receiveEmbedMessage)if(d.wp.receiveEmbedMessage=function(e){var t=e.data;if(t)if(t.secret||t.message||t.value)if(!\/[^a-zA-Z0-9]\/.test(t.secret)){var r,a,i,s,n,o=l.querySelectorAll('iframe[data-secret=\"'+t.secret+'\"]'),c=l.querySelectorAll('blockquote[data-secret=\"'+t.secret+'\"]');for(r=0;r<c.length;r++)c[r].style.display=\"none\";for(r=0;r<o.length;r++)if(a=o[r],e.source===a.contentWindow){if(a.removeAttribute(\"style\"),\"height\"===t.message){if(1e3<(i=parseInt(t.value,10)))i=1e3;else if(~~i<200)i=200;a.height=i}if(\"link\"===t.message)if(s=l.createElement(\"a\"),n=l.createElement(\"a\"),s.href=a.getAttribute(\"src\"),n.href=t.value,n.host===s.host)if(l.activeElement===a)d.top.location.href=t.value}}},e)d.addEventListener(\"message\",d.wp.receiveEmbedMessage,!1),l.addEventListener(\"DOMContentLoaded\",t,!1),d.addEventListener(\"load\",t,!1);function t(){if(!o){o=!0;var e,t,r,a,i=-1!==navigator.appVersion.indexOf(\"MSIE 10\"),s=!!navigator.userAgent.match(\/Trident.*rv:11\\.\/),n=l.querySelectorAll(\"iframe.wp-embedded-content\");for(t=0;t<n.length;t++){if(!(r=n[t]).getAttribute(\"data-secret\"))a=Math.random().toString(36).substr(2,10),r.src+=\"#?secret=\"+a,r.setAttribute(\"data-secret\",a);if(i||s)(e=r.cloneNode(!0)).removeAttribute(\"security\"),r.parentNode.replaceChild(e,r)}}}}(window,document);\n\/\/--><!]]>\n<\/script><iframe sandbox=\"allow-scripts\" security=\"restricted\" src=\"https:\/\/blog.carturesti.ro\/eveniment\/bucurestiul-in-alb-si-negru\/embed\/\" width=\"600\" height=\"338\" title=\"&#8220;Bucure\u015ftiul \u00een alb \u015fi negru&#8221; &#8212; Blog Carturesti\" frameborder=\"0\" marginwidth=\"0\" marginheight=\"0\" scrolling=\"no\" class=\"wp-embedded-content\"><\/iframe>","thumbnail_url":"https:\/\/blog.carturesti.ro\/wp-content\/uploads\/2011\/09\/alb-negru.jpg","thumbnail_width":480,"thumbnail_height":640,"description":"Asocia\u0163ia \u201eBucure\u015ftiul meu drag\u201d \u015fi C\u0103rture\u015fti v\u0103 invit\u0103 la vernisajul expozi\u0163iei de fotografie \u201eBucure\u015ftiul \u00een alb \u015fi negru\u201d care va avea loc mar\u0163i 04 octombrie 2011, la Caf\u00e9 Verona, Libr\u0103ria Carturesti (str. Arthur Verona nr. 13-15, sector 1), ora 18.30. Expozi\u0163ia de fotografie \u201eBucure\u015ftiul \u00een alb \u015fi negru\u201d se afl\u0103[mai mult...]"}