{"version":"1.0","provider_name":"Blog Carturesti","provider_url":"https:\/\/blog.carturesti.ro","author_name":"C\u0103rture\u015fti","author_url":"https:\/\/blog.carturesti.ro\/author\/anan\/","title":"Expozi\u021bie fotografic\u0103 - La jum\u0103tatea anului 2014 - Blog Carturesti","type":"rich","width":600,"height":338,"html":"<blockquote class=\"wp-embedded-content\"><a href=\"https:\/\/blog.carturesti.ro\/eveniment\/expozitie-fotografica-la-jumatatea-anului-2014\/\">Expozi\u021bie fotografic\u0103 &#8211; La jum\u0103tatea anului 2014<\/a><\/blockquote>\n<script type='text\/javascript'>\n<!--\/\/--><![CDATA[\/\/><!--\n\t\t!function(d,l){\"use strict\";var e=!1,o=!1;if(l.querySelector)if(d.addEventListener)e=!0;if(d.wp=d.wp||{},!d.wp.receiveEmbedMessage)if(d.wp.receiveEmbedMessage=function(e){var t=e.data;if(t)if(t.secret||t.message||t.value)if(!\/[^a-zA-Z0-9]\/.test(t.secret)){var r,a,i,s,n,o=l.querySelectorAll('iframe[data-secret=\"'+t.secret+'\"]'),c=l.querySelectorAll('blockquote[data-secret=\"'+t.secret+'\"]');for(r=0;r<c.length;r++)c[r].style.display=\"none\";for(r=0;r<o.length;r++)if(a=o[r],e.source===a.contentWindow){if(a.removeAttribute(\"style\"),\"height\"===t.message){if(1e3<(i=parseInt(t.value,10)))i=1e3;else if(~~i<200)i=200;a.height=i}if(\"link\"===t.message)if(s=l.createElement(\"a\"),n=l.createElement(\"a\"),s.href=a.getAttribute(\"src\"),n.href=t.value,n.host===s.host)if(l.activeElement===a)d.top.location.href=t.value}}},e)d.addEventListener(\"message\",d.wp.receiveEmbedMessage,!1),l.addEventListener(\"DOMContentLoaded\",t,!1),d.addEventListener(\"load\",t,!1);function t(){if(!o){o=!0;var e,t,r,a,i=-1!==navigator.appVersion.indexOf(\"MSIE 10\"),s=!!navigator.userAgent.match(\/Trident.*rv:11\\.\/),n=l.querySelectorAll(\"iframe.wp-embedded-content\");for(t=0;t<n.length;t++){if(!(r=n[t]).getAttribute(\"data-secret\"))a=Math.random().toString(36).substr(2,10),r.src+=\"#?secret=\"+a,r.setAttribute(\"data-secret\",a);if(i||s)(e=r.cloneNode(!0)).removeAttribute(\"security\"),r.parentNode.replaceChild(e,r)}}}}(window,document);\n\/\/--><!]]>\n<\/script><iframe sandbox=\"allow-scripts\" security=\"restricted\" src=\"https:\/\/blog.carturesti.ro\/eveniment\/expozitie-fotografica-la-jumatatea-anului-2014\/embed\/\" width=\"600\" height=\"338\" title=\"&#8220;Expozi\u021bie fotografic\u0103 &#8211; La jum\u0103tatea anului 2014&#8221; &#8212; Blog Carturesti\" frameborder=\"0\" marginwidth=\"0\" marginheight=\"0\" scrolling=\"no\" class=\"wp-embedded-content\"><\/iframe>","thumbnail_url":"https:\/\/blog.carturesti.ro\/wp-content\/uploads\/2014\/04\/AFIS-FINAL-online.jpg","thumbnail_width":1701,"thumbnail_height":1134,"description":"Familia fotopoe\u021bilor din Bucure\u0219ti, ajuns\u0103 la genera\u021bia a \u0219aptea, tr\u00e2mbi\u021beaz\u0103 \u0219i bate toba \u00eentr-ale adun\u0103rii cu mic \u0219i mare, cu suflet \u0219i trup, cu ochi \u0219i simtire, la expozi\u021bia de jum\u0103tate de an ce va avea loc pe 25 aprilie 2014, orele 19.00 la libr\u0103ria C\u0103rture\u0219ti &#8211; Ceain\u0103rie, din strada[mai mult...]"}